
{"id":39678,"date":"2023-10-05T11:54:18","date_gmt":"2023-10-05T09:54:18","guid":{"rendered":"https:\/\/www.newfreestyle.it\/?post_type=product&#038;p=39678"},"modified":"2026-02-16T16:58:16","modified_gmt":"2026-02-16T14:58:16","slug":"prothese-capillaire-masculine-totale-en-dentelle-suisse","status":"publish","type":"product","link":"https:\/\/www.newfreestyle.it\/fr\/produit\/prothese-capillaire-masculine-totale-en-dentelle-suisse\/","title":{"rendered":"Proth\u00e8se capillaire Total Swiss Lace pour hommes"},"content":{"rendered":"<h2>Proth\u00e8se capillaire Total Swiss Lace pour hommes<\/h2>\n<p>La <strong>Total Swiss Lace<\/strong> est une proth\u00e8se capillaire pour homme avec <strong>base enti\u00e8rement en dentelle suisse<\/strong>, con\u00e7ue pour ceux qui souhaitent un syst\u00e8me capillaire d'apparence soign\u00e9e et avec une sensation de l\u00e9g\u00e8ret\u00e9 sur le cuir chevelu. La structure en dentelle est indiqu\u00e9e pour ceux qui appr\u00e9cient une base <strong>douce<\/strong> e <strong>respirant<\/strong>, en plus de la possibilit\u00e9 de <strong>couper<\/strong> la base en fonction de leurs besoins d'application.<\/p>\n<p>Pour des demandes concernant <strong>autres couleurs<\/strong> ou pour voir <strong>plus d\u2019images<\/strong> du syst\u00e8me capillaire, vous pouvez <a href=\"https:\/\/www.newfreestyle.it\/fr\/contacts\/\">nous contacter<\/a>.<\/p>\n<h2>Caract\u00e9ristiques et d\u00e9tails<\/h2>\n<h3>Base<\/h3>\n<ul>\n<li><strong>Type de base :<\/strong> base enti\u00e8rement en dentelle suisse (Swiss Lace)<\/li>\n<li><strong>Taille de base :<\/strong> 20*25 cm (par d\u00e9faut), ou bien 17,5*22,5 cm ou 24*20 cm<\/li>\n<li><strong>Forme avant :<\/strong> CC<\/li>\n<\/ul>\n<h3>Cheveux<\/h3>\n<ul>\n<li><strong>Mat\u00e9riau des cheveux :<\/strong> 100% cheveux humains (cheveux indiens)<\/li>\n<li><strong>Longueur des cheveux :<\/strong> environ 15 cm<\/li>\n<li><strong>Densit\u00e9 des cheveux :<\/strong> 90-130%<\/li>\n<li><strong>Bouclage des cheveux :<\/strong> 32 mm<\/li>\n<li><strong>Couleurs disponibles :<\/strong> #1, #1B, #1C, #2, #3, #4, #5, #6, #7, #7ASH, #17, #18, #22, #22R, #613, #60RY (couleur et inclut le gris)<\/li>\n<li><strong>Pourcentage de cheveux gris (options) :<\/strong> 0%, 10%, 20%, 30%, 40%, 50%, 80%<\/li>\n<\/ul>\n<h3>Ligne frontale et n\u0153uds<\/h3>\n<p>La proth\u00e8se utilise une <strong>technologie l\u00e9g\u00e8re de n\u0153uds blanchis<\/strong> pour contribuer \u00e0 une<strong>ligne frontale plus naturelle et moins visible<\/strong>. Ce choix est indiqu\u00e9 pour minimiser les dommages \u00e0 la racine des cheveux et aider \u00e0 r\u00e9duire <strong>la casse<\/strong> e <strong>la chute<\/strong> li\u00e9es au traitement.<\/p>\n<h2>Applications<\/h2>\n<p>La Total Swiss Lace convient \u00e0 ceux qui recherchent une proth\u00e8se en dentelle \u00e0 utiliser dans la routine quotidienne, avec une base con\u00e7ue pour favoriser la <strong>transpiration<\/strong>. La structure en dentelle est \u00e9galement indiqu\u00e9e pour ceux qui souhaitent un syst\u00e8me qui soit <strong>facile \u00e0 couper<\/strong> e <strong>simple \u00e0 appliquer<\/strong>, en fonction de leurs habitudes d'entretien.<\/p>\n<h2>Avantages<\/h2>\n<ul>\n<li><strong>Cheveux 100 % humains%<\/strong> et mat\u00e9riau capillaire de haute qualit\u00e9<\/li>\n<li><strong>Base douce et respirante<\/strong>, con\u00e7ue pour une bonne a\u00e9ration<\/li>\n<li><strong>Attache naturelle et moins visible<\/strong> gr\u00e2ce \u00e0 la technologie des n\u0153uds blanchis<\/li>\n<li><strong>Facile \u00e0 appliquer<\/strong> e <strong>facile \u00e0 couper<\/strong><\/li>\n<li><strong>Dur\u00e9e indicative :<\/strong> peut durer 3-5 mois<\/li>\n<li><strong>D\u00e9lais de livraison indicatifs :<\/strong> g\u00e9n\u00e9ralement sous 5~10 jours apr\u00e8s la commande<\/li>\n<\/ul>\n<h2>Utilisation et notes<\/h2>\n<h3>Qualit\u00e9 et fabrication<\/h3>\n<p>Pour la r\u00e9alisation, les cheveux sont soigneusement collect\u00e9s afin de maintenir la qualit\u00e9 du mat\u00e9riau et de pr\u00e9server autant que possible la flexibilit\u00e9 originale. Les postiches pour hommes en dentelle sont con\u00e7us pour \u00eatre <strong>tr\u00e8s respirants<\/strong> et pratiques dans la gestion quotidienne.<\/p>\n<h3>Indications pratiques<\/h3>\n<ul>\n<li>Avant l'application, \u00e9valuez la <strong>taille de base<\/strong> la plus adapt\u00e9e parmi celles disponibles.<\/li>\n<li>Si vous souhaitez un soutien dans le choix de la <strong>couleur<\/strong> o <strong>proportion de gris<\/strong>, contactez-nous : nous vous aiderons \u00e0 vous orienter parmi les options.<\/li>\n<\/ul>\n<h3>FAQ \u2013 Questions fr\u00e9quentes<\/h3>\n<h4>Quel type de base a la Proth\u00e8se Capillaire Homme Total Swiss Lace ?<\/h4>\n<p>Elle a une base enti\u00e8rement en dentelle suisse (Swiss Lace), con\u00e7ue pour \u00eatre douce et respirante.<\/p>\n<h4>Quelles tailles de base sont disponibles ?<\/h4>\n<p>La taille par d\u00e9faut est 20*25 cm. Sont \u00e9galement disponibles 17,5*22,5 cm et 24*20 cm.<\/p>\n<h4>Quels cheveux sont utilis\u00e9s dans cette proth\u00e8se ?<\/h4>\n<p>Le mat\u00e9riau des cheveux est 100% cheveux humains, d\u00e9sign\u00e9s comme cheveux indiens. La longueur est d'environ 15 cm.<\/p>\n<h4>La ligne frontale est-elle naturelle ?<\/h4>\n<p>La ligne frontale utilise une l\u00e9g\u00e8re technologie de n\u0153uds blanchis, con\u00e7ue pour rendre la ligne plus naturelle et moins visible.<\/p>\n<h4>Quels couleurs et pourcentages de cheveux gris puis-je choisir ?<\/h4>\n<p>Diff\u00e9rentes couleurs sont disponibles (dont #1, #1B, #1C, #2, #3, #4, #5, #6, #7, #7ASH, #17, #18, #22, #22R, #613, #60RY) et options de cheveux gris 0%, 10%, 20%, 30%, 40%, 50%, 80%.<\/p>\n<p><script type=\"application\/ld+json\">\n{\"@context\":\"https:\/\/schema.org\",\"@type\":\"FAQPage\",\"mainEntity\":[{\"@type\":\"Question\",\"name\":\"Che tipo di base ha la Protesi Capelli Uomo Total Swiss Lace?\",\"acceptedAnswer\":{\"@type\":\"Answer\",\"text\":\"Ha una base interamente in pizzo svizzero (Swiss Lace), progettata per risultare morbida e traspirante.\"}},{\"@type\":\"Question\",\"name\":\"Quali misure di base sono disponibili?\",\"acceptedAnswer\":{\"@type\":\"Answer\",\"text\":\"La misura predefinita \u00e8 20*25 cm. Sono disponibili anche 17,5*22,5 cm e 24*20 cm.\"}},{\"@type\":\"Question\",\"name\":\"Che capelli vengono utilizzati in questa protesi?\",\"acceptedAnswer\":{\"@type\":\"Answer\",\"text\":\"Il materiale dei capelli \u00e8 100% capelli umani, indicati come capelli indiani. La lunghezza \u00e8 circa 15 cm.\"}},{\"@type\":\"Question\",\"name\":\"L\u2019attaccatura \u00e8 naturale?\",\"acceptedAnswer\":{\"@type\":\"Answer\",\"text\":\"L\u2019attaccatura utilizza una leggera tecnologia di nodi sbiancati, pensata per rendere l\u2019attaccatura pi\u00f9 naturale e meno evidente.\"}},{\"@type\":\"Question\",\"name\":\"Quali colori e percentuali di capelli grigi posso scegliere?\",\"acceptedAnswer\":{\"@type\":\"Answer\",\"text\":\"Sono disponibili diversi colori (tra cui #1, #1B, #1C, #2, #3, #4, #5, #6, #7, #7ASH, #17, #18, #22, #22R, #613, #60RY) e opzioni di capelli grigi 0%, 10%, 20%, 30%, 40%, 50%, 80%.\"}}]}\n<\/script><\/p>","protected":false},"excerpt":{"rendered":"<p>La Proth\u00e8se Capillaire Homme Total Swiss Lace est un syst\u00e8me capillaire avec une base enti\u00e8rement en Swiss Lace, con\u00e7ue pour ceux qui souhaitent une solution en dentelle douce et respirante. R\u00e9alis\u00e9e avec des cheveux humains (cheveux indiens), elle offre une ligne frontale d'apparence naturelle gr\u00e2ce \u00e0 la technologie des n\u0153uds blanchis. La base est facile \u00e0 couper et pratique \u00e0 appliquer, avec diff\u00e9rentes options de taille et un large choix de couleurs et de pourcentages de cheveux gris. Id\u00e9ale pour ceux qui recherchent un look soign\u00e9 et une gestion quotidienne simple. Pour d'autres images ou couleurs, contactez-nous.<\/p>","protected":false},"featured_media":39680,"comment_status":"open","ping_status":"closed","template":"","meta":{"_acf_changed":false,"_monsterinsights_skip_tracking":false,"_monsterinsights_sitenote_active":false,"_monsterinsights_sitenote_note":"","_monsterinsights_sitenote_category":0},"product_brand":[],"product_cat":[61],"product_tag":[],"class_list":{"0":"post-39678","1":"product","2":"type-product","3":"status-publish","4":"has-post-thumbnail","6":"product_cat-protesi-capelli-uomo","8":"first","9":"outofstock","10":"shipping-taxable","11":"purchasable","12":"product-type-variable"},"acf":[],"yoast_head":"<!-- This site is optimized with the Yoast SEO Premium plugin v26.1 (Yoast SEO v26.1.1) - https:\/\/yoast.com\/wordpress\/plugins\/seo\/ -->\n<title>Protesi Capelli Uomo Total Swiss Lace | New Freestyle<\/title>\n<meta name=\"description\" content=\"Protesi capelli uomo in Swiss Lace con capelli umani e nodi sbiancati. Base traspirante, facile da tagliare e applicare. Vari colori e grigi.\" \/>\n<meta name=\"robots\" content=\"index, follow, max-snippet:-1, max-image-preview:large, max-video-preview:-1\" \/>\n<link rel=\"canonical\" href=\"https:\/\/www.newfreestyle.it\/fr\/produit\/prothese-capillaire-masculine-totale-en-dentelle-suisse\/\" \/>\n<meta property=\"og:locale\" content=\"fr_FR\" \/>\n<meta property=\"og:type\" content=\"article\" \/>\n<meta property=\"og:title\" content=\"Protesi Capelli Uomo Total Swiss Lace\" \/>\n<meta property=\"og:description\" content=\"La Protesi Capelli Uomo Total Swiss Lace \u00e8 un sistema capillare con base interamente in Swiss Lace, pensato per chi desidera una soluzione in pizzo morbida e traspirante. Realizzata con capelli umani (capelli indiani), offre un\u2019attaccatura dall\u2019aspetto naturale grazie alla tecnologia dei nodi sbiancati. La base \u00e8 facile da tagliare e pratica da applicare, con diverse opzioni di misura e un\u2019ampia scelta di colori e percentuali di capelli grigi. Ideale per chi cerca un look curato e una gestione quotidiana semplice. Per altre immagini o colori, contattaci.\" \/>\n<meta property=\"og:url\" content=\"https:\/\/www.newfreestyle.it\/fr\/produit\/prothese-capillaire-masculine-totale-en-dentelle-suisse\/\" \/>\n<meta property=\"og:site_name\" content=\"Newfreestyle Hair System\" \/>\n<meta property=\"article:publisher\" content=\"https:\/\/www.facebook.com\/newfreestyle.it\/\" \/>\n<meta property=\"article:modified_time\" content=\"2026-02-16T14:58:16+00:00\" \/>\n<meta property=\"og:image\" content=\"https:\/\/www.newfreestyle.it\/wp-content\/uploads\/2023\/10\/11-4.jpg\" \/>\n\t<meta property=\"og:image:width\" content=\"1000\" \/>\n\t<meta property=\"og:image:height\" content=\"1000\" \/>\n\t<meta property=\"og:image:type\" content=\"image\/jpeg\" \/>\n<meta name=\"twitter:card\" content=\"summary_large_image\" \/>\n<meta name=\"twitter:label1\" content=\"Disponibilit\u00e9\" \/>\n\t<meta name=\"twitter:data1\" content=\"Rupture de stock\" \/>\n<script type=\"application\/ld+json\" class=\"yoast-schema-graph\">{\"@context\":\"https:\/\/schema.org\",\"@graph\":[{\"@type\":\"WebPage\",\"@id\":\"https:\/\/www.newfreestyle.it\/prodotto\/protesi-capelli-uomo-total-swiss-lace\/\",\"url\":\"https:\/\/www.newfreestyle.it\/prodotto\/protesi-capelli-uomo-total-swiss-lace\/\",\"name\":\"Protesi Capelli Uomo Total Swiss Lace | New Freestyle\",\"isPartOf\":{\"@id\":\"https:\/\/www.newfreestyle.it\/en\/#website\"},\"primaryImageOfPage\":{\"@id\":\"https:\/\/www.newfreestyle.it\/prodotto\/protesi-capelli-uomo-total-swiss-lace\/#primaryimage\"},\"image\":{\"@id\":\"https:\/\/www.newfreestyle.it\/prodotto\/protesi-capelli-uomo-total-swiss-lace\/#primaryimage\"},\"thumbnailUrl\":\"https:\/\/www.newfreestyle.it\/wp-content\/uploads\/2023\/10\/11-4.jpg\",\"datePublished\":\"2023-10-05T09:54:18+00:00\",\"dateModified\":\"2026-02-16T14:58:16+00:00\",\"description\":\"Protesi capelli uomo in Swiss Lace con capelli umani e nodi sbiancati. Base traspirante, facile da tagliare e applicare. Vari colori e grigi.\",\"breadcrumb\":{\"@id\":\"https:\/\/www.newfreestyle.it\/prodotto\/protesi-capelli-uomo-total-swiss-lace\/#breadcrumb\"},\"inLanguage\":\"fr-FR\",\"potentialAction\":[{\"@type\":\"ReadAction\",\"target\":[\"https:\/\/www.newfreestyle.it\/prodotto\/protesi-capelli-uomo-total-swiss-lace\/\"]}]},{\"@type\":\"ImageObject\",\"inLanguage\":\"fr-FR\",\"@id\":\"https:\/\/www.newfreestyle.it\/prodotto\/protesi-capelli-uomo-total-swiss-lace\/#primaryimage\",\"url\":\"https:\/\/www.newfreestyle.it\/wp-content\/uploads\/2023\/10\/11-4.jpg\",\"contentUrl\":\"https:\/\/www.newfreestyle.it\/wp-content\/uploads\/2023\/10\/11-4.jpg\",\"width\":1000,\"height\":1000},{\"@type\":\"BreadcrumbList\",\"@id\":\"https:\/\/www.newfreestyle.it\/prodotto\/protesi-capelli-uomo-total-swiss-lace\/#breadcrumb\",\"itemListElement\":[{\"@type\":\"ListItem\",\"position\":1,\"name\":\"Home\",\"item\":\"https:\/\/www.newfreestyle.it\/\"},{\"@type\":\"ListItem\",\"position\":2,\"name\":\"Shop\",\"item\":\"https:\/\/www.newfreestyle.it\/en\/shop\/\"},{\"@type\":\"ListItem\",\"position\":3,\"name\":\"Protesi Capelli Uomo Total Swiss Lace\"}]},{\"@type\":\"WebSite\",\"@id\":\"https:\/\/www.newfreestyle.it\/en\/#website\",\"url\":\"https:\/\/www.newfreestyle.it\/en\/\",\"name\":\"Protesi Capelli Uomo Impianti Capillari\",\"description\":\"Risolviamo ogni tipologia di Calvizie mediante l\u2019ausilio di protesi capillari non chirurgiche anche chiamata patch cutaneo.\",\"publisher\":{\"@id\":\"https:\/\/www.newfreestyle.it\/en\/#organization\"},\"potentialAction\":[{\"@type\":\"SearchAction\",\"target\":{\"@type\":\"EntryPoint\",\"urlTemplate\":\"https:\/\/www.newfreestyle.it\/en\/?s={search_term_string}\"},\"query-input\":{\"@type\":\"PropertyValueSpecification\",\"valueRequired\":true,\"valueName\":\"search_term_string\"}}],\"inLanguage\":\"fr-FR\"},{\"@type\":[\"Organization\",\"Place\"],\"@id\":\"https:\/\/www.newfreestyle.it\/en\/#organization\",\"name\":\"Newfreestyle Hair System\",\"alternateName\":\"Protesi Capelli Uomo Personalizzate\",\"url\":\"https:\/\/www.newfreestyle.it\/en\/\",\"logo\":{\"@id\":\"https:\/\/www.newfreestyle.it\/prodotto\/protesi-capelli-uomo-total-swiss-lace\/#local-main-organization-logo\"},\"image\":{\"@id\":\"https:\/\/www.newfreestyle.it\/prodotto\/protesi-capelli-uomo-total-swiss-lace\/#local-main-organization-logo\"},\"sameAs\":[\"https:\/\/www.facebook.com\/newfreestyle.it\/\",\"https:\/\/www.instagram.com\/newfreestyle_hairsystem\/\"],\"address\":{\"@id\":\"https:\/\/www.newfreestyle.it\/prodotto\/protesi-capelli-uomo-total-swiss-lace\/#local-main-place-address\"},\"geo\":{\"@type\":\"GeoCoordinates\",\"latitude\":\"45.5086608\",\"longitude\":\"9.2005743\"},\"telephone\":[\"3297256048\"],\"openingHoursSpecification\":[{\"@type\":\"OpeningHoursSpecification\",\"dayOfWeek\":[\"Monday\",\"Tuesday\",\"Wednesday\",\"Thursday\",\"Friday\",\"Saturday\"],\"opens\":\"09:00\",\"closes\":\"19:00\"},{\"@type\":\"OpeningHoursSpecification\",\"dayOfWeek\":[\"Sunday\"],\"opens\":\"00:00\",\"closes\":\"00:00\"}],\"email\":\"direzione@newfreestyle.it\",\"vatID\":\"IT11145080963\",\"taxID\":\"SCIMST69H67I690R\"},{\"@type\":\"PostalAddress\",\"@id\":\"https:\/\/www.newfreestyle.it\/prodotto\/protesi-capelli-uomo-total-swiss-lace\/#local-main-place-address\",\"streetAddress\":\"Via Cino da Pistoia, 18\",\"addressLocality\":\"Milano\",\"postalCode\":\"20162\",\"addressRegion\":\"MI\",\"addressCountry\":\"IT\"},{\"@type\":\"ImageObject\",\"inLanguage\":\"fr-FR\",\"@id\":\"https:\/\/www.newfreestyle.it\/prodotto\/protesi-capelli-uomo-total-swiss-lace\/#local-main-organization-logo\",\"url\":\"https:\/\/www.newfreestyle.it\/wp-content\/uploads\/2023\/09\/cropped-newfreestyle-150x145-1.png\",\"contentUrl\":\"https:\/\/www.newfreestyle.it\/wp-content\/uploads\/2023\/09\/cropped-newfreestyle-150x145-1.png\",\"width\":512,\"height\":512,\"caption\":\"Newfreestyle Hair System\"}]}<\/script>\n<meta property=\"og:availability\" content=\"out of stock\" \/>\n<meta property=\"product:availability\" content=\"out of stock\" \/>\n<meta property=\"product:condition\" content=\"new\" \/>\n<meta name=\"geo.placename\" content=\"Milano\" \/>\n<meta name=\"geo.position\" content=\"45.5086608;9.2005743\" \/>\n<meta name=\"geo.region\" content=\"Italie\" \/>\n<!-- \/ Yoast SEO Premium plugin. -->","yoast_head_json":{"title":"Proth\u00e8se Capillaire Homme Total Swiss Lace | New Freestyle","description":"Proth\u00e8se capillaire homme en Swiss Lace avec cheveux humains et n\u0153uds blanchis. Base respirante, facile \u00e0 couper et \u00e0 appliquer. Plusieurs couleurs et gris.","robots":{"index":"index","follow":"follow","max-snippet":"max-snippet:-1","max-image-preview":"max-image-preview:large","max-video-preview":"max-video-preview:-1"},"canonical":"https:\/\/www.newfreestyle.it\/fr\/produit\/prothese-capillaire-masculine-totale-en-dentelle-suisse\/","og_locale":"fr_FR","og_type":"article","og_title":"Protesi Capelli Uomo Total Swiss Lace","og_description":"La Protesi Capelli Uomo Total Swiss Lace \u00e8 un sistema capillare con base interamente in Swiss Lace, pensato per chi desidera una soluzione in pizzo morbida e traspirante. Realizzata con capelli umani (capelli indiani), offre un\u2019attaccatura dall\u2019aspetto naturale grazie alla tecnologia dei nodi sbiancati. La base \u00e8 facile da tagliare e pratica da applicare, con diverse opzioni di misura e un\u2019ampia scelta di colori e percentuali di capelli grigi. Ideale per chi cerca un look curato e una gestione quotidiana semplice. Per altre immagini o colori, contattaci.","og_url":"https:\/\/www.newfreestyle.it\/fr\/produit\/prothese-capillaire-masculine-totale-en-dentelle-suisse\/","og_site_name":"Newfreestyle Hair System","article_publisher":"https:\/\/www.facebook.com\/newfreestyle.it\/","article_modified_time":"2026-02-16T14:58:16+00:00","og_image":[{"width":1000,"height":1000,"url":"https:\/\/www.newfreestyle.it\/wp-content\/uploads\/2023\/10\/11-4.jpg","type":"image\/jpeg"}],"twitter_card":"summary_large_image","twitter_misc":{"Disponibilit\u00e9":"Rupture de stock"},"schema":{"@context":"https:\/\/schema.org","@graph":[{"@type":"WebPage","@id":"https:\/\/www.newfreestyle.it\/prodotto\/protesi-capelli-uomo-total-swiss-lace\/","url":"https:\/\/www.newfreestyle.it\/prodotto\/protesi-capelli-uomo-total-swiss-lace\/","name":"Proth\u00e8se Capillaire Homme Total Swiss Lace | New Freestyle","isPartOf":{"@id":"https:\/\/www.newfreestyle.it\/en\/#website"},"primaryImageOfPage":{"@id":"https:\/\/www.newfreestyle.it\/prodotto\/protesi-capelli-uomo-total-swiss-lace\/#primaryimage"},"image":{"@id":"https:\/\/www.newfreestyle.it\/prodotto\/protesi-capelli-uomo-total-swiss-lace\/#primaryimage"},"thumbnailUrl":"https:\/\/www.newfreestyle.it\/wp-content\/uploads\/2023\/10\/11-4.jpg","datePublished":"2023-10-05T09:54:18+00:00","dateModified":"2026-02-16T14:58:16+00:00","description":"Proth\u00e8se capillaire homme en Swiss Lace avec cheveux humains et n\u0153uds blanchis. Base respirante, facile \u00e0 couper et \u00e0 appliquer. Plusieurs couleurs et gris.","breadcrumb":{"@id":"https:\/\/www.newfreestyle.it\/prodotto\/protesi-capelli-uomo-total-swiss-lace\/#breadcrumb"},"inLanguage":"fr-FR","potentialAction":[{"@type":"ReadAction","target":["https:\/\/www.newfreestyle.it\/prodotto\/protesi-capelli-uomo-total-swiss-lace\/"]}]},{"@type":"ImageObject","inLanguage":"fr-FR","@id":"https:\/\/www.newfreestyle.it\/prodotto\/protesi-capelli-uomo-total-swiss-lace\/#primaryimage","url":"https:\/\/www.newfreestyle.it\/wp-content\/uploads\/2023\/10\/11-4.jpg","contentUrl":"https:\/\/www.newfreestyle.it\/wp-content\/uploads\/2023\/10\/11-4.jpg","width":1000,"height":1000},{"@type":"BreadcrumbList","@id":"https:\/\/www.newfreestyle.it\/prodotto\/protesi-capelli-uomo-total-swiss-lace\/#breadcrumb","itemListElement":[{"@type":"ListItem","position":1,"name":"Home","item":"https:\/\/www.newfreestyle.it\/"},{"@type":"ListItem","position":2,"name":"Shop","item":"https:\/\/www.newfreestyle.it\/en\/shop\/"},{"@type":"ListItem","position":3,"name":"Protesi Capelli Uomo Total Swiss Lace"}]},{"@type":"WebSite","@id":"https:\/\/www.newfreestyle.it\/en\/#website","url":"https:\/\/www.newfreestyle.it\/en\/","name":"Implants capillaires pour hommes Implants capillaires","description":"Nous r\u00e9solvons tous les types de calvitie \u00e0 l'aide d'implants capillaires non chirurgicaux, \u00e9galement appel\u00e9s patchs cutan\u00e9s.","publisher":{"@id":"https:\/\/www.newfreestyle.it\/en\/#organization"},"potentialAction":[{"@type":"SearchAction","target":{"@type":"EntryPoint","urlTemplate":"https:\/\/www.newfreestyle.it\/en\/?s={search_term_string}"},"query-input":{"@type":"PropertyValueSpecification","valueRequired":true,"valueName":"search_term_string"}}],"inLanguage":"fr-FR"},{"@type":["Organization","Place"],"@id":"https:\/\/www.newfreestyle.it\/en\/#organization","name":"Syst\u00e8me capillaire Newfreestyle","alternateName":"Protesi Capelli Uomo Personalizzate","url":"https:\/\/www.newfreestyle.it\/en\/","logo":{"@id":"https:\/\/www.newfreestyle.it\/prodotto\/protesi-capelli-uomo-total-swiss-lace\/#local-main-organization-logo"},"image":{"@id":"https:\/\/www.newfreestyle.it\/prodotto\/protesi-capelli-uomo-total-swiss-lace\/#local-main-organization-logo"},"sameAs":["https:\/\/www.facebook.com\/newfreestyle.it\/","https:\/\/www.instagram.com\/newfreestyle_hairsystem\/"],"address":{"@id":"https:\/\/www.newfreestyle.it\/prodotto\/protesi-capelli-uomo-total-swiss-lace\/#local-main-place-address"},"geo":{"@type":"GeoCoordinates","latitude":"45.5086608","longitude":"9.2005743"},"telephone":["3297256048"],"openingHoursSpecification":[{"@type":"OpeningHoursSpecification","dayOfWeek":["Monday","Tuesday","Wednesday","Thursday","Friday","Saturday"],"opens":"09:00","closes":"19:00"},{"@type":"OpeningHoursSpecification","dayOfWeek":["Sunday"],"opens":"00:00","closes":"00:00"}],"email":"direzione@newfreestyle.it","vatID":"IT11145080963","taxID":"SCIMST69H67I690R"},{"@type":"PostalAddress","@id":"https:\/\/www.newfreestyle.it\/prodotto\/protesi-capelli-uomo-total-swiss-lace\/#local-main-place-address","streetAddress":"Via Cino da Pistoia, 18","addressLocality":"Milano","postalCode":"20162","addressRegion":"MI","addressCountry":"IT"},{"@type":"ImageObject","inLanguage":"fr-FR","@id":"https:\/\/www.newfreestyle.it\/prodotto\/protesi-capelli-uomo-total-swiss-lace\/#local-main-organization-logo","url":"https:\/\/www.newfreestyle.it\/wp-content\/uploads\/2023\/09\/cropped-newfreestyle-150x145-1.png","contentUrl":"https:\/\/www.newfreestyle.it\/wp-content\/uploads\/2023\/09\/cropped-newfreestyle-150x145-1.png","width":512,"height":512,"caption":"Newfreestyle Hair System"}]},"og_availability":"out of stock","product_availability":"out of stock","product_condition":"new","geo.placename":"Milano","geo.position":{"lat":"45.5086608","long":"9.2005743"},"geo.region":"Italie"},"_links":{"self":[{"href":"https:\/\/www.newfreestyle.it\/fr\/wp-json\/wp\/v2\/product\/39678","targetHints":{"allow":["GET"]}}],"collection":[{"href":"https:\/\/www.newfreestyle.it\/fr\/wp-json\/wp\/v2\/product"}],"about":[{"href":"https:\/\/www.newfreestyle.it\/fr\/wp-json\/wp\/v2\/types\/product"}],"replies":[{"embeddable":true,"href":"https:\/\/www.newfreestyle.it\/fr\/wp-json\/wp\/v2\/comments?post=39678"}],"wp:featuredmedia":[{"embeddable":true,"href":"https:\/\/www.newfreestyle.it\/fr\/wp-json\/wp\/v2\/media\/39680"}],"wp:attachment":[{"href":"https:\/\/www.newfreestyle.it\/fr\/wp-json\/wp\/v2\/media?parent=39678"}],"wp:term":[{"taxonomy":"product_brand","embeddable":true,"href":"https:\/\/www.newfreestyle.it\/fr\/wp-json\/wp\/v2\/product_brand?post=39678"},{"taxonomy":"product_cat","embeddable":true,"href":"https:\/\/www.newfreestyle.it\/fr\/wp-json\/wp\/v2\/product_cat?post=39678"},{"taxonomy":"product_tag","embeddable":true,"href":"https:\/\/www.newfreestyle.it\/fr\/wp-json\/wp\/v2\/product_tag?post=39678"}],"curies":[{"name":"wp","href":"https:\/\/api.w.org\/{rel}","templated":true}]}}