
{"id":47209,"date":"2024-03-07T12:34:37","date_gmt":"2023-12-10T15:59:23","guid":{"rendered":"https:\/\/www.newfreestyle.it\/citta\/protesi-capelli-forli-cesena\/"},"modified":"2024-03-07T12:34:37","modified_gmt":"2024-03-07T10:34:37","slug":"prothese-capillaire-forli-cesena","status":"publish","type":"citta","link":"https:\/\/www.newfreestyle.it\/fr\/ville\/prothese-capillaire-forli-cesena\/","title":{"rendered":"Proth\u00e8ses capillaires \u00e0 Forl\u00ec-Cesena"},"content":{"rendered":"<p><img decoding=\"async\" class=\"alignnone size-medium wp-image-35446\" src=\"https:\/\/www.newfreestyle.it\/wp-content\/uploads\/2023\/09\/slide-1.jpg\" alt=\"Proth\u00e8ses capillaires \u00e0 Forl\u00ec-Cesena\" \/><\/p>\n<h2><strong>Proth\u00e8se capillaire \u00e0 Forl\u00ec-Cesena : une solution pour l'amincissement et la calvitie<\/strong><\/h2>\n<p><span>Les personnes souffrant de perte de cheveux ou d'autres affections li\u00e9es \u00e0 la perte de cheveux doivent souvent faire face \u00e0 un sentiment d'ins\u00e9curit\u00e9, de m\u00e9fiance et d'inconfort. Cependant, gr\u00e2ce aux innovations technologiques, il existe aujourd'hui une solution efficace pour ceux qui veulent des cheveux \u00e9pais sans avoir recours \u00e0 un implant.<\/span>la proth\u00e8se capillaire. L'application d'un <a href=\"https:\/\/www.newfreestyle.it\/fr\/\">Proth\u00e8se capillaire<\/a> \u00e0 Forl\u00ec-Cesena est indolore, non invasive et garantit des r\u00e9sultats durables. Dans cet article, nous allons explorer toutes les informations utiles sur les implants capillaires pour femmes et hommes, des types existants aux avantages qu'ils offrent en termes d'esth\u00e9tique.<\/p>\n<h3>Proth\u00e8se capillaire \u00e0 Forl\u00ec-Cesena : Qu'est-ce que c'est et comment c'est fait ?<\/h3>\n<p>La proth\u00e8se capillaire <span>est une reconstruction capillaire artificielle ou r\u00e9elle visant \u00e0 dissimuler une alop\u00e9cie clairsem\u00e9e ou prononc\u00e9e. Il s'agit d'une technique non chirurgicale d'augmentation du volume des cheveux qui offre diff\u00e9rentes solutions esth\u00e9tiques en fonction de l'effet recherch\u00e9.<\/span> Une proth\u00e8se capillaire <span>consiste en une base en silicone, en r\u00e9sine ou en tissu sur laquelle des cheveux artificiels ou naturels sont appliqu\u00e9s ou attach\u00e9s. Il est essentiel que les mat\u00e9riaux utilis\u00e9s soient exempts d'allerg\u00e8nes, perm\u00e9ables \u00e0 l'air et adapt\u00e9s \u00e0 une utilisation prolong\u00e9e sur le cuir chevelu.<\/span><\/p>\n<p><span>Le <a href=\"https:\/\/www.newfreestyle.it\/fr\/\">proth\u00e8se capillaire<\/a> diff\u00e8rent des toupets traditionnels car ils donnent un aspect plus naturel, sont plus pratiques \u00e0 utiliser et s'adaptent id\u00e9alement aux caract\u00e9ristiques physiques de chaque personne. <\/span> Les meilleures proth\u00e8ses capillaires pour hommes et femmes sont con\u00e7ues et fabriqu\u00e9es sur mesure, en tenant compte de la forme de la t\u00eate et, en cas d'amincissement ou d'alop\u00e9cie, de la couleur et du style des cheveux.<\/p>\n<p><img fetchpriority=\"high\" width=\"751\" height=\"708\" src=\"https:\/\/www.newfreestyle.it\/wp-content\/uploads\/2024\/03\/14-9-36.jpg\" class=\"attachment-large size-large\" alt=\"\" decoding=\"async\" srcset=\"https:\/\/www.newfreestyle.it\/wp-content\/uploads\/2024\/03\/14-9-36.jpg 751w, https:\/\/www.newfreestyle.it\/wp-content\/uploads\/2024\/03\/14-9-36-300x283.jpg 300w, https:\/\/www.newfreestyle.it\/wp-content\/uploads\/2024\/03\/14-9-36-600x566.jpg 600w\" sizes=\"(max-width: 751px) 100vw, 751px\" \/><\/p>\n<h3>Types de restaurations capillaires<\/h3>\n<p>Les proth\u00e8ses capillaires \u00e0 Forl\u00ec-Cesena diff\u00e8rent en termes de base et de m\u00e9thode de greffe de cheveux. La base peut \u00eatre en dentelle, en monofilament ou en polym\u00e8re, tandis que la m\u00e9thode de greffe peut \u00eatre r\u00e9alis\u00e9e avec des cheveux inject\u00e9s ou nou\u00e9s. Voyons en d\u00e9tail les caract\u00e9ristiques des mat\u00e9riaux et des techniques de greffe.<\/p>\n<h4>La base en dentelle<\/h4>\n<p>La base en dentelle <span>est constitu\u00e9 d'une maille extr\u00eamement fine, plus elle est fine, moins elle est visible et moins elle est r\u00e9sistante. Il est disponible en option dans diff\u00e9rentes teintes afin que le tissage refl\u00e8te votre propre couleur de peau. La base en dentelle est extr\u00eamement a\u00e9r\u00e9e, c'est pourquoi elle est id\u00e9ale pour les implants de grande taille, ainsi que pour les femmes et les hommes qui ont besoin d'une couverture compl\u00e8te ou m\u00eame large.<\/span><\/p>\n<h4>La base en poly\u00e9thyl\u00e8ne<\/h4>\n<p>\u00c9galement connu sous le nom de peau, polyur\u00e9thane, film ou <a href=\"https:\/\/www.newfreestyle.it\/fr\/patchs-cutanes-pour-la-calvitie-tout-ce-quil-faut-savoir\/\">timbre cutan\u00e9<\/a>La base en poly est l'une des plus fines du march\u00e9. Son \u00e9paisseur peut varier de 0,25 mm pour les bases en silicone \u00e0 0,03 mm pour les bases ultrafines. Elle offre un excellent support aux cheveux, ce qui permet d'obtenir un r\u00e9sultat esth\u00e9tique plus naturel et de meilleure qualit\u00e9.<\/p>\n<h4>La base du monofilament<\/h4>\n<p>La base monofilament est en nylon ou en polyester. Elle est plus respirante que la base en poly, mais plus visible que la base en dentelle. Gr\u00e2ce \u00e0 ses caract\u00e9ristiques techniques, la base monofilament est presque imperceptible au toucher et adh\u00e8re parfaitement au cuir chevelu sans cr\u00e9er de plis ni d'\u00e9paisseurs.<\/p>\n<h3>Techniques de greffe : cheveux inject\u00e9s ou nou\u00e9s<\/h3>\n<p>Les bases d\u00e9crites ci-dessus diff\u00e8rent \u00e9galement par la mani\u00e8re dont les cheveux sont greff\u00e9s. Dans le cas de la dentelle, qui est une r\u00e9sille tr\u00e8s fine, la m\u00e9thode utilis\u00e9e pour greffer les cheveux consiste \u00e0 les nouer. Le n\u0153ud peut \u00eatre simple ou multiple et, si n\u00e9cessaire, il peut \u00eatre \u00e9clairci pour obtenir un effet naturel. L'\u00e9claircissement peut toutefois fragiliser le cheveu et doit donc \u00eatre effectu\u00e9 avec pr\u00e9caution. Le n\u0153ud est toujours l\u00e9g\u00e8rement perceptible au toucher.<\/p>\n<p>Avec la base poly, vous pouvez cependant choisir entre des cheveux inject\u00e9s ou nou\u00e9s. En g\u00e9n\u00e9ral, les gens pr\u00e9f\u00e8rent la premi\u00e8re technique, car le r\u00e9sultat est beaucoup plus naturel. Dans ce cas, les cheveux sont inject\u00e9s individuellement dans le film de polyur\u00e9thane afin qu'ils ressortent naturellement, ce qui les rend plus doux. Cette technique offre une plus grande r\u00e9sistance et est id\u00e9ale pour les personnes qui font du sport, qui portent un casque de moto ou qui aiment nager.<\/p>\n<h3>A propos de nous<\/h3>\n<p>La <a href=\"https:\/\/www.newfreestyle.it\/fr\/qui-nous-sommes\/\">Nouveau style<\/a> traite principalement deux types de cheveux qui repr\u00e9sentent les meilleures solutions sur le march\u00e9 aujourd'hui.<br \/>\nLes Indiens sont le choix le moins cher, car ils sont d\u00e9cuticul\u00e9s et teints pour ressembler le plus possible aux cheveux du client.<br \/>\nLes cheveux Remy sont le type de cheveux de la plus haute qualit\u00e9 sur le march\u00e9 : il s'agit de cheveux qui n'ont subi aucun traitement et dont la couleur et l'\u00e9paisseur sont s\u00e9lectionn\u00e9es pour correspondre aux cheveux du client.<\/p>\n<h3>Pose professionnelle de proth\u00e8ses capillaires \u00e0 Forl\u00ec-Cesena<\/h3>\n<p>L'application d'une restauration capillaire requiert expertise et pr\u00e9cision. Il est essentiel de s'adresser \u00e0 des professionnels exp\u00e9riment\u00e9s pour garantir un r\u00e9sultat naturel et confortable. Pour toute information <a href=\"https:\/\/www.newfreestyle.it\/fr\/contacts\/\">nous contacter<\/a> ou nous rendre visite \u00e0 notre <a href=\"https:\/\/maps.app.goo.gl\/zCMjucVGcLznkZFc7\" target=\"_blank\" rel=\"noopener\">magasin<\/a><\/p>\n<p>&nbsp;<\/p>\n<p><iframe style=\"border: 0;\" src=\"https:\/\/www.google.com\/maps\/embed?pb=!1m14!1m8!1m3!1d11184.281545697131!2d9.2005761!3d45.5086617!3m2!1i1024!2i768!4f13.1!3m3!1m2!1s0x0%3A0x23a5298d444ec80e!2sNewfreestyle%20Hair%20System!5e0!3m2!1sit!2sit!4v1668969481421!5m2!1sit!2sit\" width=\"100%\" height=\"450\" allowfullscreen=\"allowfullscreen\"><span data-mce-type=\"bookmark\" style=\"display: inline-block; width: 0px; overflow: hidden; line-height: 0;\" class=\"mce_SELRES_start\"><\/span><\/iframe><\/p>","protected":false},"featured_media":47960,"template":"","class_list":["post-47209","citta","type-citta","status-publish","has-post-thumbnail","hentry"],"acf":[],"yoast_head":"<!-- This site is optimized with the Yoast SEO Premium plugin v26.1 (Yoast SEO v26.1.1) - https:\/\/yoast.com\/wordpress\/plugins\/seo\/ -->\n<title>Protesi capelli a Forl\u00ec-Cesena - Newfreestyle Hair System<\/title>\n<meta name=\"description\" content=\"Risolviamo ogni tipologia di Calvizie mediante l\u2019ausilio di\u00a0Protesi capelli a Forl\u00ec-Cesena. Usiamo soltanto prodotti di qualit\u00e0 e certificati.\" \/>\n<meta name=\"robots\" content=\"index, follow, max-snippet:-1, max-image-preview:large, max-video-preview:-1\" \/>\n<link rel=\"canonical\" href=\"https:\/\/www.newfreestyle.it\/fr\/ville\/prothese-capillaire-forli-cesena\/\" \/>\n<meta property=\"og:locale\" content=\"fr_FR\" \/>\n<meta property=\"og:type\" content=\"article\" \/>\n<meta property=\"og:title\" content=\"Protesi capelli a Forl\u00ec-Cesena\" \/>\n<meta property=\"og:description\" content=\"Risolviamo ogni tipologia di Calvizie mediante l\u2019ausilio di\u00a0Protesi capelli a Forl\u00ec-Cesena. Usiamo soltanto prodotti di qualit\u00e0 e certificati.\" \/>\n<meta property=\"og:url\" content=\"https:\/\/www.newfreestyle.it\/fr\/ville\/prothese-capillaire-forli-cesena\/\" \/>\n<meta property=\"og:site_name\" content=\"Newfreestyle Hair System\" \/>\n<meta property=\"article:publisher\" content=\"https:\/\/www.facebook.com\/newfreestyle.it\/\" \/>\n<meta property=\"article:modified_time\" content=\"2024-03-07T10:34:37+00:00\" \/>\n<meta property=\"og:image\" content=\"https:\/\/www.newfreestyle.it\/wp-content\/uploads\/2024\/03\/unnamed-file-36.jpg\" \/>\n\t<meta property=\"og:image:width\" content=\"751\" \/>\n\t<meta property=\"og:image:height\" content=\"708\" \/>\n\t<meta property=\"og:image:type\" content=\"image\/jpeg\" \/>\n<meta name=\"twitter:card\" content=\"summary_large_image\" \/>\n<meta name=\"twitter:label1\" content=\"Dur\u00e9e de lecture estim\u00e9e\" \/>\n\t<meta name=\"twitter:data1\" content=\"5 minutes\" \/>\n<script type=\"application\/ld+json\" class=\"yoast-schema-graph\">{\"@context\":\"https:\/\/schema.org\",\"@graph\":[{\"@type\":\"WebPage\",\"@id\":\"https:\/\/www.newfreestyle.it\/citta\/protesi-capelli-forli-cesena\/\",\"url\":\"https:\/\/www.newfreestyle.it\/citta\/protesi-capelli-forli-cesena\/\",\"name\":\"Protesi capelli a Forl\u00ec-Cesena - Newfreestyle Hair System\",\"isPartOf\":{\"@id\":\"https:\/\/www.newfreestyle.it\/en\/#website\"},\"primaryImageOfPage\":{\"@id\":\"https:\/\/www.newfreestyle.it\/citta\/protesi-capelli-forli-cesena\/#primaryimage\"},\"image\":{\"@id\":\"https:\/\/www.newfreestyle.it\/citta\/protesi-capelli-forli-cesena\/#primaryimage\"},\"thumbnailUrl\":\"https:\/\/www.newfreestyle.it\/wp-content\/uploads\/2024\/03\/unnamed-file-36.jpg\",\"datePublished\":\"2023-12-10T15:59:23+00:00\",\"dateModified\":\"2024-03-07T10:34:37+00:00\",\"description\":\"Risolviamo ogni tipologia di Calvizie mediante l\u2019ausilio di\u00a0Protesi capelli a Forl\u00ec-Cesena. Usiamo soltanto prodotti di qualit\u00e0 e certificati.\",\"breadcrumb\":{\"@id\":\"https:\/\/www.newfreestyle.it\/citta\/protesi-capelli-forli-cesena\/#breadcrumb\"},\"inLanguage\":\"fr-FR\",\"potentialAction\":[{\"@type\":\"ReadAction\",\"target\":[\"https:\/\/www.newfreestyle.it\/citta\/protesi-capelli-forli-cesena\/\"]}]},{\"@type\":\"ImageObject\",\"inLanguage\":\"fr-FR\",\"@id\":\"https:\/\/www.newfreestyle.it\/citta\/protesi-capelli-forli-cesena\/#primaryimage\",\"url\":\"https:\/\/www.newfreestyle.it\/wp-content\/uploads\/2024\/03\/unnamed-file-36.jpg\",\"contentUrl\":\"https:\/\/www.newfreestyle.it\/wp-content\/uploads\/2024\/03\/unnamed-file-36.jpg\",\"width\":751,\"height\":708},{\"@type\":\"BreadcrumbList\",\"@id\":\"https:\/\/www.newfreestyle.it\/citta\/protesi-capelli-forli-cesena\/#breadcrumb\",\"itemListElement\":[{\"@type\":\"ListItem\",\"position\":1,\"name\":\"Home\",\"item\":\"https:\/\/www.newfreestyle.it\/\"},{\"@type\":\"ListItem\",\"position\":2,\"name\":\"Protesi capelli a Forl\u00ec-Cesena\"}]},{\"@type\":\"WebSite\",\"@id\":\"https:\/\/www.newfreestyle.it\/en\/#website\",\"url\":\"https:\/\/www.newfreestyle.it\/en\/\",\"name\":\"Protesi Capelli Uomo Impianti Capillari\",\"description\":\"Risolviamo ogni tipologia di Calvizie mediante l\u2019ausilio di protesi capillari non chirurgiche anche chiamata patch cutaneo.\",\"publisher\":{\"@id\":\"https:\/\/www.newfreestyle.it\/en\/#organization\"},\"potentialAction\":[{\"@type\":\"SearchAction\",\"target\":{\"@type\":\"EntryPoint\",\"urlTemplate\":\"https:\/\/www.newfreestyle.it\/en\/?s={search_term_string}\"},\"query-input\":{\"@type\":\"PropertyValueSpecification\",\"valueRequired\":true,\"valueName\":\"search_term_string\"}}],\"inLanguage\":\"fr-FR\"},{\"@type\":[\"Organization\",\"Place\"],\"@id\":\"https:\/\/www.newfreestyle.it\/en\/#organization\",\"name\":\"Newfreestyle Hair System\",\"alternateName\":\"Protesi Capelli Uomo Personalizzate\",\"url\":\"https:\/\/www.newfreestyle.it\/en\/\",\"logo\":{\"@id\":\"https:\/\/www.newfreestyle.it\/citta\/protesi-capelli-forli-cesena\/#local-main-organization-logo\"},\"image\":{\"@id\":\"https:\/\/www.newfreestyle.it\/citta\/protesi-capelli-forli-cesena\/#local-main-organization-logo\"},\"sameAs\":[\"https:\/\/www.facebook.com\/newfreestyle.it\/\",\"https:\/\/www.instagram.com\/newfreestyle_hairsystem\/\"],\"address\":{\"@id\":\"https:\/\/www.newfreestyle.it\/citta\/protesi-capelli-forli-cesena\/#local-main-place-address\"},\"geo\":{\"@type\":\"GeoCoordinates\",\"latitude\":\"45.5086608\",\"longitude\":\"9.2005743\"},\"telephone\":[\"3297256048\"],\"openingHoursSpecification\":[{\"@type\":\"OpeningHoursSpecification\",\"dayOfWeek\":[\"Monday\",\"Tuesday\",\"Wednesday\",\"Thursday\",\"Friday\",\"Saturday\"],\"opens\":\"09:00\",\"closes\":\"19:00\"},{\"@type\":\"OpeningHoursSpecification\",\"dayOfWeek\":[\"Sunday\"],\"opens\":\"00:00\",\"closes\":\"00:00\"}],\"email\":\"direzione@newfreestyle.it\",\"vatID\":\"IT11145080963\",\"taxID\":\"SCIMST69H67I690R\"},{\"@type\":\"PostalAddress\",\"@id\":\"https:\/\/www.newfreestyle.it\/citta\/protesi-capelli-forli-cesena\/#local-main-place-address\",\"streetAddress\":\"Via Cino da Pistoia, 18\",\"addressLocality\":\"Milano\",\"postalCode\":\"20162\",\"addressRegion\":\"MI\",\"addressCountry\":\"IT\"},{\"@type\":\"ImageObject\",\"inLanguage\":\"fr-FR\",\"@id\":\"https:\/\/www.newfreestyle.it\/citta\/protesi-capelli-forli-cesena\/#local-main-organization-logo\",\"url\":\"https:\/\/www.newfreestyle.it\/wp-content\/uploads\/2023\/09\/cropped-newfreestyle-150x145-1.png\",\"contentUrl\":\"https:\/\/www.newfreestyle.it\/wp-content\/uploads\/2023\/09\/cropped-newfreestyle-150x145-1.png\",\"width\":512,\"height\":512,\"caption\":\"Newfreestyle Hair System\"}]}<\/script>\n<meta name=\"geo.placename\" content=\"Milano\" \/>\n<meta name=\"geo.position\" content=\"45.5086608;9.2005743\" \/>\n<meta name=\"geo.region\" content=\"Italie\" \/>\n<!-- \/ Yoast SEO Premium plugin. -->","yoast_head_json":{"title":"Proth\u00e8ses capillaires \u00e0 Forl\u00ec-Cesena - Newfreestyle Hair System","description":"Nous r\u00e9solvons tous les types de calvitie \u00e0 l'aide de proth\u00e8ses capillaires \u00e0 Forl\u00ec-Cesena. Nous n'utilisons que des produits de qualit\u00e9 et certifi\u00e9s.","robots":{"index":"index","follow":"follow","max-snippet":"max-snippet:-1","max-image-preview":"max-image-preview:large","max-video-preview":"max-video-preview:-1"},"canonical":"https:\/\/www.newfreestyle.it\/fr\/ville\/prothese-capillaire-forli-cesena\/","og_locale":"fr_FR","og_type":"article","og_title":"Protesi capelli a Forl\u00ec-Cesena","og_description":"Risolviamo ogni tipologia di Calvizie mediante l\u2019ausilio di\u00a0Protesi capelli a Forl\u00ec-Cesena. Usiamo soltanto prodotti di qualit\u00e0 e certificati.","og_url":"https:\/\/www.newfreestyle.it\/fr\/ville\/prothese-capillaire-forli-cesena\/","og_site_name":"Newfreestyle Hair System","article_publisher":"https:\/\/www.facebook.com\/newfreestyle.it\/","article_modified_time":"2024-03-07T10:34:37+00:00","og_image":[{"width":751,"height":708,"url":"https:\/\/www.newfreestyle.it\/wp-content\/uploads\/2024\/03\/unnamed-file-36.jpg","type":"image\/jpeg"}],"twitter_card":"summary_large_image","twitter_misc":{"Dur\u00e9e de lecture estim\u00e9e":"5 minutes"},"schema":{"@context":"https:\/\/schema.org","@graph":[{"@type":"WebPage","@id":"https:\/\/www.newfreestyle.it\/citta\/protesi-capelli-forli-cesena\/","url":"https:\/\/www.newfreestyle.it\/citta\/protesi-capelli-forli-cesena\/","name":"Proth\u00e8ses capillaires \u00e0 Forl\u00ec-Cesena - Newfreestyle Hair System","isPartOf":{"@id":"https:\/\/www.newfreestyle.it\/en\/#website"},"primaryImageOfPage":{"@id":"https:\/\/www.newfreestyle.it\/citta\/protesi-capelli-forli-cesena\/#primaryimage"},"image":{"@id":"https:\/\/www.newfreestyle.it\/citta\/protesi-capelli-forli-cesena\/#primaryimage"},"thumbnailUrl":"https:\/\/www.newfreestyle.it\/wp-content\/uploads\/2024\/03\/unnamed-file-36.jpg","datePublished":"2023-12-10T15:59:23+00:00","dateModified":"2024-03-07T10:34:37+00:00","description":"Nous r\u00e9solvons tous les types de calvitie \u00e0 l'aide de proth\u00e8ses capillaires \u00e0 Forl\u00ec-Cesena. Nous n'utilisons que des produits de qualit\u00e9 et certifi\u00e9s.","breadcrumb":{"@id":"https:\/\/www.newfreestyle.it\/citta\/protesi-capelli-forli-cesena\/#breadcrumb"},"inLanguage":"fr-FR","potentialAction":[{"@type":"ReadAction","target":["https:\/\/www.newfreestyle.it\/citta\/protesi-capelli-forli-cesena\/"]}]},{"@type":"ImageObject","inLanguage":"fr-FR","@id":"https:\/\/www.newfreestyle.it\/citta\/protesi-capelli-forli-cesena\/#primaryimage","url":"https:\/\/www.newfreestyle.it\/wp-content\/uploads\/2024\/03\/unnamed-file-36.jpg","contentUrl":"https:\/\/www.newfreestyle.it\/wp-content\/uploads\/2024\/03\/unnamed-file-36.jpg","width":751,"height":708},{"@type":"BreadcrumbList","@id":"https:\/\/www.newfreestyle.it\/citta\/protesi-capelli-forli-cesena\/#breadcrumb","itemListElement":[{"@type":"ListItem","position":1,"name":"Home","item":"https:\/\/www.newfreestyle.it\/"},{"@type":"ListItem","position":2,"name":"Protesi capelli a Forl\u00ec-Cesena"}]},{"@type":"WebSite","@id":"https:\/\/www.newfreestyle.it\/en\/#website","url":"https:\/\/www.newfreestyle.it\/en\/","name":"Implants capillaires pour hommes Implants capillaires","description":"Nous r\u00e9solvons tous les types de calvitie \u00e0 l'aide d'implants capillaires non chirurgicaux, \u00e9galement appel\u00e9s patchs cutan\u00e9s.","publisher":{"@id":"https:\/\/www.newfreestyle.it\/en\/#organization"},"potentialAction":[{"@type":"SearchAction","target":{"@type":"EntryPoint","urlTemplate":"https:\/\/www.newfreestyle.it\/en\/?s={search_term_string}"},"query-input":{"@type":"PropertyValueSpecification","valueRequired":true,"valueName":"search_term_string"}}],"inLanguage":"fr-FR"},{"@type":["Organization","Place"],"@id":"https:\/\/www.newfreestyle.it\/en\/#organization","name":"Syst\u00e8me capillaire Newfreestyle","alternateName":"Protesi Capelli Uomo Personalizzate","url":"https:\/\/www.newfreestyle.it\/en\/","logo":{"@id":"https:\/\/www.newfreestyle.it\/citta\/protesi-capelli-forli-cesena\/#local-main-organization-logo"},"image":{"@id":"https:\/\/www.newfreestyle.it\/citta\/protesi-capelli-forli-cesena\/#local-main-organization-logo"},"sameAs":["https:\/\/www.facebook.com\/newfreestyle.it\/","https:\/\/www.instagram.com\/newfreestyle_hairsystem\/"],"address":{"@id":"https:\/\/www.newfreestyle.it\/citta\/protesi-capelli-forli-cesena\/#local-main-place-address"},"geo":{"@type":"GeoCoordinates","latitude":"45.5086608","longitude":"9.2005743"},"telephone":["3297256048"],"openingHoursSpecification":[{"@type":"OpeningHoursSpecification","dayOfWeek":["Monday","Tuesday","Wednesday","Thursday","Friday","Saturday"],"opens":"09:00","closes":"19:00"},{"@type":"OpeningHoursSpecification","dayOfWeek":["Sunday"],"opens":"00:00","closes":"00:00"}],"email":"direzione@newfreestyle.it","vatID":"IT11145080963","taxID":"SCIMST69H67I690R"},{"@type":"PostalAddress","@id":"https:\/\/www.newfreestyle.it\/citta\/protesi-capelli-forli-cesena\/#local-main-place-address","streetAddress":"Via Cino da Pistoia, 18","addressLocality":"Milano","postalCode":"20162","addressRegion":"MI","addressCountry":"IT"},{"@type":"ImageObject","inLanguage":"fr-FR","@id":"https:\/\/www.newfreestyle.it\/citta\/protesi-capelli-forli-cesena\/#local-main-organization-logo","url":"https:\/\/www.newfreestyle.it\/wp-content\/uploads\/2023\/09\/cropped-newfreestyle-150x145-1.png","contentUrl":"https:\/\/www.newfreestyle.it\/wp-content\/uploads\/2023\/09\/cropped-newfreestyle-150x145-1.png","width":512,"height":512,"caption":"Newfreestyle Hair System"}]},"geo.placename":"Milano","geo.position":{"lat":"45.5086608","long":"9.2005743"},"geo.region":"Italie"},"_links":{"self":[{"href":"https:\/\/www.newfreestyle.it\/fr\/wp-json\/wp\/v2\/citta\/47209","targetHints":{"allow":["GET"]}}],"collection":[{"href":"https:\/\/www.newfreestyle.it\/fr\/wp-json\/wp\/v2\/citta"}],"about":[{"href":"https:\/\/www.newfreestyle.it\/fr\/wp-json\/wp\/v2\/types\/citta"}],"wp:featuredmedia":[{"embeddable":true,"href":"https:\/\/www.newfreestyle.it\/fr\/wp-json\/wp\/v2\/media\/47960"}],"wp:attachment":[{"href":"https:\/\/www.newfreestyle.it\/fr\/wp-json\/wp\/v2\/media?parent=47209"}],"curies":[{"name":"wp","href":"https:\/\/api.w.org\/{rel}","templated":true}]}}